{"id":922,"date":"2019-11-13T08:50:23","date_gmt":"2019-11-13T07:50:23","guid":{"rendered":"https:\/\/lecool.ch\/?page_id=922"},"modified":"2019-11-21T09:24:50","modified_gmt":"2019-11-21T08:24:50","slug":"protection-des-donnees","status":"publish","type":"page","link":"https:\/\/lecool.ch\/fr\/protection-des-donnees\/","title":{"rendered":"Protection des donn\u00e9es"},"content":{"rendered":"<div id='av_section_1'  class='avia-section av-k18sl7el-f1d07a76199fdad3d26751605e020d42 main_color avia-section-huge avia-no-border-styling  avia-builder-el-0  avia-builder-el-no-sibling  avia-bg-style-scroll av-minimum-height av-minimum-height-75 av-height-75  container_wrap fullsize'   data-av_minimum_height_pc='75' data-av_min_height_opt='75'><div class='container av-section-cont-open' ><main  role=\"main\" itemprop=\"mainContentOfPage\"  class='template-page content  av-content-full alpha units'><div class='post-entry post-entry-type-page post-entry-922'><div class='entry-content-wrapper clearfix'>\n\n<style type=\"text\/css\" data-created_by=\"avia_inline_auto\" id=\"style-css-av-1dk8e-c2b94083204fcfca0198696000ef1797\">\n.flex_column.av-1dk8e-c2b94083204fcfca0198696000ef1797{\nborder-radius:0px 0px 0px 0px;\npadding:0px 0px 0px 0px;\n}\n<\/style>\n<div  class='flex_column av-1dk8e-c2b94083204fcfca0198696000ef1797 av_one_full  avia-builder-el-1  avia-builder-el-no-sibling  first flex_column_div av-zero-column-padding  '     ><p>\n<style type=\"text\/css\" data-created_by=\"avia_inline_auto\" id=\"style-css-av-k38g8eq9-5974b4270c525820bbfba3bed276e75d\">\n#top .av-special-heading.av-k38g8eq9-5974b4270c525820bbfba3bed276e75d{\npadding-bottom:10px;\nfont-size:45px;\n}\nbody .av-special-heading.av-k38g8eq9-5974b4270c525820bbfba3bed276e75d .av-special-heading-tag .heading-char{\nfont-size:25px;\n}\n#top #wrap_all .av-special-heading.av-k38g8eq9-5974b4270c525820bbfba3bed276e75d .av-special-heading-tag{\nfont-size:45px;\n}\n.av-special-heading.av-k38g8eq9-5974b4270c525820bbfba3bed276e75d .av-subheading{\nfont-size:15px;\n}\n\n@media only screen and (min-width: 480px) and (max-width: 767px){ \n#top #wrap_all .av-special-heading.av-k38g8eq9-5974b4270c525820bbfba3bed276e75d .av-special-heading-tag{\nfont-size:0.8em;\n}\n}\n\n@media only screen and (max-width: 479px){ \n#top #wrap_all .av-special-heading.av-k38g8eq9-5974b4270c525820bbfba3bed276e75d .av-special-heading-tag{\nfont-size:0.8em;\n}\n}\n<\/style>\n<div  class='av-special-heading av-k38g8eq9-5974b4270c525820bbfba3bed276e75d av-special-heading-h1 blockquote modern-quote  avia-builder-el-2  el_before_av_hr  avia-builder-el-first  av-inherit-size'><h1 class='av-special-heading-tag '  itemprop=\"headline\"  >Protection des donn\u00e9es<\/h1><div class=\"special-heading-border\"><div class=\"special-heading-inner-border\"><\/div><\/div><\/div><br \/>\n<div  class='hr av-k18svowd-342a5a00faab9c98e9cab65b750147bc hr-short  avia-builder-el-3  el_after_av_heading  el_before_av_textblock  hr-left'><span class='hr-inner '><span class=\"hr-inner-style\"><\/span><\/span><\/div><br \/>\n<section  class='av_textblock_section av-qs0m-644d017734e64dcc59df16fa3b17d12c '   itemscope=\"itemscope\" itemtype=\"https:\/\/schema.org\/CreativeWork\" ><div class='avia_textblock'  itemprop=\"text\" ><p>Conform\u00e9ment \u00e0 l&rsquo;article 13 de la Constitution f\u00e9d\u00e9rale suisse et aux dispositions du gouvernement f\u00e9d\u00e9ral relatives \u00e0 la protection des donn\u00e9es (loi relative \u00e0 la protection des donn\u00e9es, DSG), toute personne a droit \u00e0 la protection de sa vie priv\u00e9e et \u00e0 la protection contre l&rsquo;utilisation abusive de ses donn\u00e9es personnelles. Nous adh\u00e9rons strictement \u00e0 ces termes. Les donn\u00e9es personnelles sont strictement confidentielles et ne sont ni vendues \u00e0 des tiers, ni transmises.<\/p>\n<p>En coop\u00e9ration \u00e9troite avec notre fournisseur d&rsquo;h\u00e9bergement, nous nous effor\u00e7ons de prot\u00e9ger au mieux les bases de donn\u00e9es contre les acc\u00e8s non autoris\u00e9s, les pertes, les utilisations abusives ou la contrefa\u00e7on. Lors de l&rsquo;acc\u00e8s \u00e0 notre site Web, les donn\u00e9es suivantes sont stock\u00e9es dans des fichiers journaux: adresse IP, date, heure, requ\u00eate du navigateur et informations g\u00e9n\u00e9rales transmises au syst\u00e8me d&rsquo;exploitation, respectivement. Navigateur. Ces donn\u00e9es d&rsquo;utilisation constituent la base des \u00e9valuations statistiques anonymes, permettant d&rsquo;identifier les tendances, avec lesquelles nous pouvons am\u00e9liorer nos offres en cons\u00e9quence.<\/p>\n<p><strong>Politique de confidentialit\u00e9 pour l&rsquo;utilisation des formulaires de contact<\/strong><\/p>\n<p>Les donn\u00e9es utilis\u00e9es sont strictement r\u00e9serv\u00e9es au traitement et \u00e0 la r\u00e9ponse aux demandes de renseignements. En soumettant le formulaire de contact, la personne concern\u00e9e accepte le traitement. Une fois le traitement de la demande de la personne concern\u00e9e termin\u00e9, les donn\u00e9es collect\u00e9es seront supprim\u00e9es, dans la mesure o\u00f9 elles ne sont pas n\u00e9cessaires au traitement ult\u00e9rieur de la demande ou \u00e0 une commande ult\u00e9rieure.<\/p>\n<p><strong>R\u00e8gles de confidentialit\u00e9 pour l&rsquo;utilisation de Google Analytics<\/strong><\/p>\n<p>Ce site utilise Google Analytics, un service d&rsquo;analyse de site internet fourni par Google Inc. (\u00ab\u00a0Google\u00a0\u00bb), dot\u00e9 de l&rsquo;extension \u00ab\u00a0_anonymizeIp ()\u00a0\u00bb. Au cours du processus, les adresses IP sont raccourcies et une relation li\u00e9e \u00e0 une personne peut donc \u00eatre exclue. Dans la mesure o\u00f9 les donn\u00e9es collect\u00e9es \u00e0 votre sujet sont attribu\u00e9es \u00e0 une personne, elles seront imm\u00e9diatement exclues et les donn\u00e9es personnelles seront imm\u00e9diatement supprim\u00e9es.<\/p>\n<p>Google Analytics utilise des \u00ab\u00a0cookies\u00a0\u00bb, des fichiers texte qui sont stock\u00e9s sur votre ordinateur et permettent d\u2019analyser votre utilisation du site Web. Les informations g\u00e9n\u00e9r\u00e9es par le cookie concernant votre utilisation de ce site Web sont g\u00e9n\u00e9ralement transmises \u00e0 un serveur de Google aux \u00c9tats-Unis et y sont stock\u00e9es. Toutefois, en activant l&rsquo;anonymisation IP sur ce site Web, votre adresse IP sera tronqu\u00e9e par Google et ne sera plus assignable. Dans des cas exceptionnels, l&rsquo;adresse IP compl\u00e8te est envoy\u00e9e \u00e0 un serveur de Google aux \u00c9tats-Unis, puis abr\u00e9g\u00e9e. Google utilisera ces informations pour \u00e9valuer votre utilisation du site Web, pour \u00e9tablir des rapports sur l&rsquo;activit\u00e9 du site Web \u00e0 l&rsquo;intention des exploitants de sites Web et pour fournir d&rsquo;autres services li\u00e9s \u00e0 l&rsquo;activit\u00e9 du site Web et \u00e0 l&rsquo;utilisation d&rsquo;Internet. Google peut \u00e9galement transf\u00e9rer ces informations \u00e0 des tiers si la loi l&rsquo;exige ou si des tiers traitent ces donn\u00e9es pour le compte de Google. L&rsquo;adresse IP fournie par Google Analytics dans le cadre de Google Analytics ne sera pas fusionn\u00e9e avec d&rsquo;autres donn\u00e9es fournies par Google. Vous pouvez emp\u00eacher l&rsquo;installation de cookies en param\u00e9trant votre logiciel de navigation en cons\u00e9quence; Cependant, sachez que si vous le faites, vous ne pourrez peut-\u00eatre pas utiliser toutes les fonctionnalit\u00e9s de ce site web. En utilisant ce site Web, vous consentez express\u00e9ment au traitement de vos donn\u00e9es nominatives par Google dans les conditions et pour les finalit\u00e9s d\u00e9crites ci-dessus.<\/p>\n<h2 id=\"verwendung\"><span style=\"font-weight: 400;\">Verwendung von Cookies<\/span><\/h2>\n<p>Ce site utilise des cookies pour assurer le meilleur service possible. En utilisant le site, vous acceptez l&rsquo;utilisation de cookies<\/p>\n<\/div><\/section><\/p><\/div>\n","protected":false},"excerpt":{"rendered":"","protected":false},"author":3,"featured_media":0,"parent":0,"menu_order":0,"comment_status":"closed","ping_status":"closed","template":"","meta":{"footnotes":""},"class_list":["post-922","page","type-page","status-publish","hentry"],"yoast_head":"<!-- This site is optimized with the Yoast SEO plugin v27.5 - https:\/\/yoast.com\/product\/yoast-seo-wordpress\/ -->\n<title>Protection des donn\u00e9es | LeCool<\/title>\n<meta name=\"robots\" content=\"index, follow, max-snippet:-1, max-image-preview:large, max-video-preview:-1\" \/>\n<link rel=\"canonical\" href=\"https:\/\/lecool.ch\/fr\/protection-des-donnees\/\" \/>\n<meta property=\"og:locale\" content=\"fr_FR\" \/>\n<meta property=\"og:type\" content=\"article\" \/>\n<meta property=\"og:title\" content=\"Protection des donn\u00e9es | LeCool\" \/>\n<meta property=\"og:url\" content=\"https:\/\/lecool.ch\/fr\/protection-des-donnees\/\" \/>\n<meta property=\"og:site_name\" content=\"LeCool\" \/>\n<meta property=\"article:publisher\" content=\"https:\/\/www.facebook.com\/lecoolvinfrais\/\" \/>\n<meta property=\"article:modified_time\" content=\"2019-11-21T08:24:50+00:00\" \/>\n<meta name=\"twitter:card\" content=\"summary_large_image\" \/>\n<meta name=\"twitter:label1\" content=\"Dur\u00e9e de lecture estim\u00e9e\" \/>\n\t<meta name=\"twitter:data1\" content=\"5 minutes\" \/>\n<script type=\"application\/ld+json\" class=\"yoast-schema-graph\">{\"@context\":\"https:\\\/\\\/schema.org\",\"@graph\":[{\"@type\":\"WebPage\",\"@id\":\"https:\\\/\\\/lecool.ch\\\/fr\\\/protection-des-donnees\\\/\",\"url\":\"https:\\\/\\\/lecool.ch\\\/fr\\\/protection-des-donnees\\\/\",\"name\":\"Protection des donn\u00e9es | LeCool\",\"isPartOf\":{\"@id\":\"https:\\\/\\\/lecool.ch\\\/fr\\\/#website\"},\"datePublished\":\"2019-11-13T07:50:23+00:00\",\"dateModified\":\"2019-11-21T08:24:50+00:00\",\"breadcrumb\":{\"@id\":\"https:\\\/\\\/lecool.ch\\\/fr\\\/protection-des-donnees\\\/#breadcrumb\"},\"inLanguage\":\"fr-FR\",\"potentialAction\":[{\"@type\":\"ReadAction\",\"target\":[\"https:\\\/\\\/lecool.ch\\\/fr\\\/protection-des-donnees\\\/\"]}]},{\"@type\":\"BreadcrumbList\",\"@id\":\"https:\\\/\\\/lecool.ch\\\/fr\\\/protection-des-donnees\\\/#breadcrumb\",\"itemListElement\":[{\"@type\":\"ListItem\",\"position\":1,\"name\":\"Home\",\"item\":\"https:\\\/\\\/lecool.ch\\\/fr\\\/home\\\/\"},{\"@type\":\"ListItem\",\"position\":2,\"name\":\"Protection des donn\u00e9es\"}]},{\"@type\":\"WebSite\",\"@id\":\"https:\\\/\\\/lecool.ch\\\/fr\\\/#website\",\"url\":\"https:\\\/\\\/lecool.ch\\\/fr\\\/\",\"name\":\"LeCool\",\"description\":\"Warmer Wein, das lass sein!\",\"publisher\":{\"@id\":\"https:\\\/\\\/lecool.ch\\\/fr\\\/#organization\"},\"potentialAction\":[{\"@type\":\"SearchAction\",\"target\":{\"@type\":\"EntryPoint\",\"urlTemplate\":\"https:\\\/\\\/lecool.ch\\\/fr\\\/?s={search_term_string}\"},\"query-input\":{\"@type\":\"PropertyValueSpecification\",\"valueRequired\":true,\"valueName\":\"search_term_string\"}}],\"inLanguage\":\"fr-FR\"},{\"@type\":\"Organization\",\"@id\":\"https:\\\/\\\/lecool.ch\\\/fr\\\/#organization\",\"name\":\"LeCool Weink\u00fchlstab\",\"url\":\"https:\\\/\\\/lecool.ch\\\/fr\\\/\",\"logo\":{\"@type\":\"ImageObject\",\"inLanguage\":\"fr-FR\",\"@id\":\"https:\\\/\\\/lecool.ch\\\/fr\\\/#\\\/schema\\\/logo\\\/image\\\/\",\"url\":\"https:\\\/\\\/lecool.ch\\\/wp-content\\\/uploads\\\/2020\\\/01\\\/Untitled.png\",\"contentUrl\":\"https:\\\/\\\/lecool.ch\\\/wp-content\\\/uploads\\\/2020\\\/01\\\/Untitled.png\",\"width\":689,\"height\":258,\"caption\":\"LeCool Weink\u00fchlstab\"},\"image\":{\"@id\":\"https:\\\/\\\/lecool.ch\\\/fr\\\/#\\\/schema\\\/logo\\\/image\\\/\"},\"sameAs\":[\"https:\\\/\\\/www.facebook.com\\\/lecoolvinfrais\\\/\"]}]}<\/script>\n<!-- \/ Yoast SEO plugin. -->","yoast_head_json":{"title":"Protection des donn\u00e9es | LeCool","robots":{"index":"index","follow":"follow","max-snippet":"max-snippet:-1","max-image-preview":"max-image-preview:large","max-video-preview":"max-video-preview:-1"},"canonical":"https:\/\/lecool.ch\/fr\/protection-des-donnees\/","og_locale":"fr_FR","og_type":"article","og_title":"Protection des donn\u00e9es | LeCool","og_url":"https:\/\/lecool.ch\/fr\/protection-des-donnees\/","og_site_name":"LeCool","article_publisher":"https:\/\/www.facebook.com\/lecoolvinfrais\/","article_modified_time":"2019-11-21T08:24:50+00:00","twitter_card":"summary_large_image","twitter_misc":{"Dur\u00e9e de lecture estim\u00e9e":"5 minutes"},"schema":{"@context":"https:\/\/schema.org","@graph":[{"@type":"WebPage","@id":"https:\/\/lecool.ch\/fr\/protection-des-donnees\/","url":"https:\/\/lecool.ch\/fr\/protection-des-donnees\/","name":"Protection des donn\u00e9es | LeCool","isPartOf":{"@id":"https:\/\/lecool.ch\/fr\/#website"},"datePublished":"2019-11-13T07:50:23+00:00","dateModified":"2019-11-21T08:24:50+00:00","breadcrumb":{"@id":"https:\/\/lecool.ch\/fr\/protection-des-donnees\/#breadcrumb"},"inLanguage":"fr-FR","potentialAction":[{"@type":"ReadAction","target":["https:\/\/lecool.ch\/fr\/protection-des-donnees\/"]}]},{"@type":"BreadcrumbList","@id":"https:\/\/lecool.ch\/fr\/protection-des-donnees\/#breadcrumb","itemListElement":[{"@type":"ListItem","position":1,"name":"Home","item":"https:\/\/lecool.ch\/fr\/home\/"},{"@type":"ListItem","position":2,"name":"Protection des donn\u00e9es"}]},{"@type":"WebSite","@id":"https:\/\/lecool.ch\/fr\/#website","url":"https:\/\/lecool.ch\/fr\/","name":"LeCool","description":"Warmer Wein, das lass sein!","publisher":{"@id":"https:\/\/lecool.ch\/fr\/#organization"},"potentialAction":[{"@type":"SearchAction","target":{"@type":"EntryPoint","urlTemplate":"https:\/\/lecool.ch\/fr\/?s={search_term_string}"},"query-input":{"@type":"PropertyValueSpecification","valueRequired":true,"valueName":"search_term_string"}}],"inLanguage":"fr-FR"},{"@type":"Organization","@id":"https:\/\/lecool.ch\/fr\/#organization","name":"LeCool Weink\u00fchlstab","url":"https:\/\/lecool.ch\/fr\/","logo":{"@type":"ImageObject","inLanguage":"fr-FR","@id":"https:\/\/lecool.ch\/fr\/#\/schema\/logo\/image\/","url":"https:\/\/lecool.ch\/wp-content\/uploads\/2020\/01\/Untitled.png","contentUrl":"https:\/\/lecool.ch\/wp-content\/uploads\/2020\/01\/Untitled.png","width":689,"height":258,"caption":"LeCool Weink\u00fchlstab"},"image":{"@id":"https:\/\/lecool.ch\/fr\/#\/schema\/logo\/image\/"},"sameAs":["https:\/\/www.facebook.com\/lecoolvinfrais\/"]}]}},"_links":{"self":[{"href":"https:\/\/lecool.ch\/fr\/wp-json\/wp\/v2\/pages\/922","targetHints":{"allow":["GET"]}}],"collection":[{"href":"https:\/\/lecool.ch\/fr\/wp-json\/wp\/v2\/pages"}],"about":[{"href":"https:\/\/lecool.ch\/fr\/wp-json\/wp\/v2\/types\/page"}],"author":[{"embeddable":true,"href":"https:\/\/lecool.ch\/fr\/wp-json\/wp\/v2\/users\/3"}],"replies":[{"embeddable":true,"href":"https:\/\/lecool.ch\/fr\/wp-json\/wp\/v2\/comments?post=922"}],"version-history":[{"count":5,"href":"https:\/\/lecool.ch\/fr\/wp-json\/wp\/v2\/pages\/922\/revisions"}],"predecessor-version":[{"id":6595,"href":"https:\/\/lecool.ch\/fr\/wp-json\/wp\/v2\/pages\/922\/revisions\/6595"}],"wp:attachment":[{"href":"https:\/\/lecool.ch\/fr\/wp-json\/wp\/v2\/media?parent=922"}],"curies":[{"name":"wp","href":"https:\/\/api.w.org\/{rel}","templated":true}]}}